{"id":2211,"date":"2022-12-13T23:06:23","date_gmt":"2022-12-13T23:06:23","guid":{"rendered":"https:\/\/ristorantelaterrazza.com\/about-us\/"},"modified":"2023-07-15T10:54:49","modified_gmt":"2023-07-15T10:54:49","slug":"about-us","status":"publish","type":"page","link":"https:\/\/ristorantelaterrazza.com\/fr\/about-us\/","title":{"rendered":"About Us"},"content":{"rendered":"<p>[et_pb_section fb_built=\u00a0\u00bb1&Prime; fullwidth=\u00a0\u00bbon\u00a0\u00bb module_id=\u00a0\u00bbhead_pag\u00a0\u00bb module_class=\u00a0\u00bboverlines\u00a0\u00bb _builder_version=\u00a0\u00bb4.19.5&Prime; _module_preset=\u00a0\u00bbdefault\u00a0\u00bb global_colors_info=\u00a0\u00bb{}\u00a0\u00bb][et_pb_fullwidth_header title=\u00a0\u00bb@ET-DC@eyJkeW5hbWljIjp0cnVlLCJjb250ZW50IjoicG9zdF90aXRsZSIsInNldHRpbmdzIjp7ImJlZm9yZSI6IiIsImFmdGVyIjoiIn19@\u00a0\u00bb background_overlay_color=\u00a0\u00bbrgba(0,0,0,0.2)\u00a0\u00bb module_class=\u00a0\u00bbbottom\u00a0\u00bb _builder_version=\u00a0\u00bb4.19.5&Prime; _dynamic_attributes=\u00a0\u00bbtitle\u00a0\u00bb _module_preset=\u00a0\u00bbdefault\u00a0\u00bb title_level=\u00a0\u00bbh2&Prime; title_font_size=\u00a0\u00bb140px\u00a0\u00bb background_color=\u00a0\u00bb#715B3E\u00a0\u00bb background_image=\u00a0\u00bbhttps:\/\/ristorantelaterrazza.com\/wp-content\/uploads\/2023\/01\/esterno-all-right-reserved-aiace-bazzana-3.jpg\u00a0\u00bb parallax=\u00a0\u00bbon\u00a0\u00bb height=\u00a0\u00bb50vh\u00a0\u00bb global_colors_info=\u00a0\u00bb{}\u00a0\u00bb][\/et_pb_fullwidth_header][\/et_pb_section][et_pb_section fb_built=\u00a0\u00bb1&Prime; module_class=\u00a0\u00bbpg_about sez_1 overlines\u00a0\u00bb _builder_version=\u00a0\u00bb4.19.5&Prime; _module_preset=\u00a0\u00bbdefault\u00a0\u00bb background_color=\u00a0\u00bb#715B3E\u00a0\u00bb custom_padding=\u00a0\u00bb80px||80px|||\u00a0\u00bb global_colors_info=\u00a0\u00bb{}\u00a0\u00bb][et_pb_row column_structure=\u00a0\u00bb1_2,1_2&Prime; _builder_version=\u00a0\u00bb4.19.5&Prime; _module_preset=\u00a0\u00bbdefault\u00a0\u00bb max_width=\u00a0\u00bb80%\u00a0\u00bb global_colors_info=\u00a0\u00bb{}\u00a0\u00bb][et_pb_column type=\u00a0\u00bb1_2&Prime; _builder_version=\u00a0\u00bb4.19.2&Prime; _module_preset=\u00a0\u00bbdefault\u00a0\u00bb global_colors_info=\u00a0\u00bb{}\u00a0\u00bb][et_pb_image src=\u00a0\u00bbhttps:\/\/ristorantelaterrazza.com\/wp-content\/uploads\/2022\/12\/interni-all-right-reserved-aiace-bazzana-12.jpg\u00a0\u00bb title_text=\u00a0\u00bbinterni-all-right-reserved-aiace-bazzana-12&Prime; module_class=\u00a0\u00bbcorner_border right top dark\u00a0\u00bb _builder_version=\u00a0\u00bb4.19.5&Prime; _module_preset=\u00a0\u00bbdefault\u00a0\u00bb scroll_horizontal_motion_enable=\u00a0\u00bbon\u00a0\u00bb scroll_horizontal_motion=\u00a0\u00bb0|50|50|100|-1|0|0&Prime; global_colors_info=\u00a0\u00bb{}\u00a0\u00bb][\/et_pb_image][\/et_pb_column][et_pb_column type=\u00a0\u00bb1_2&Prime; _builder_version=\u00a0\u00bb4.19.5&Prime; _module_preset=\u00a0\u00bbdefault\u00a0\u00bb global_colors_info=\u00a0\u00bb{}\u00a0\u00bb][et_pb_text _builder_version=\u00a0\u00bb4.19.5&Prime; _module_preset=\u00a0\u00bbdefault\u00a0\u00bb text_text_color=\u00a0\u00bb#FFFFFF\u00a0\u00bb text_font_size=\u00a0\u00bb18px\u00a0\u00bb text_line_height=\u00a0\u00bb24px\u00a0\u00bb header_text_color=\u00a0\u00bb#FFFFFF\u00a0\u00bb header_font_size=\u00a0\u00bb70px\u00a0\u00bb custom_margin=\u00a0\u00bb||50px||false|false\u00a0\u00bb custom_padding=\u00a0\u00bb|||5px||\u00a0\u00bb custom_css_main_element=\u00a0\u00bbalign-self:flex-end;\u00a0\u00bb global_colors_info=\u00a0\u00bb{}\u00a0\u00bb]<\/p>\n<h1>La Terrazza Courmayeur<\/h1>\n<p>Situ\u00e9 dans le centre de Courmayeur, \u00e0 deux pas de la rue centrale rue Roma, depuis 40 ans nous offrons \u00e0 nos invit\u00e9s une cuisine locale et nationale, pr\u00e9par\u00e9e avec des produits soigneusement s\u00e9lectionn\u00e9es dans une ambiance \u00e9l\u00e9gante et confortable avec un accueil d\u00e9licieusement familial.<\/p>\n<p>[\/et_pb_text][\/et_pb_column][\/et_pb_row][\/et_pb_section][et_pb_section fb_built=\u00a0\u00bb1&Prime; module_class=\u00a0\u00bbpg_about sez_2 overlines\u00a0\u00bb _builder_version=\u00a0\u00bb4.19.5&Prime; _module_preset=\u00a0\u00bbdefault\u00a0\u00bb background_color=\u00a0\u00bb#EFE6DC\u00a0\u00bb custom_padding=\u00a0\u00bb80px||80px||true|false\u00a0\u00bb global_colors_info=\u00a0\u00bb{}\u00a0\u00bb][et_pb_row column_structure=\u00a0\u00bb1_2,1_2&Prime; _builder_version=\u00a0\u00bb4.19.2&Prime; _module_preset=\u00a0\u00bbdefault\u00a0\u00bb global_colors_info=\u00a0\u00bb{}\u00a0\u00bb][et_pb_column type=\u00a0\u00bb1_2&Prime; _builder_version=\u00a0\u00bb4.19.2&Prime; _module_preset=\u00a0\u00bbdefault\u00a0\u00bb global_colors_info=\u00a0\u00bb{}\u00a0\u00bb][et_pb_text _builder_version=\u00a0\u00bb4.19.5&Prime; _module_preset=\u00a0\u00bbdefault\u00a0\u00bb text_text_color=\u00a0\u00bb#140B08&Prime; text_font_size=\u00a0\u00bb18px\u00a0\u00bb text_line_height=\u00a0\u00bb24px\u00a0\u00bb custom_margin=\u00a0\u00bb||50px||false|false\u00a0\u00bb global_colors_info=\u00a0\u00bb{}\u00a0\u00bb]<\/p>\n<p>Notre cuisine est compos\u00e9e de plats typiquement r\u00e9gionaux mais aussi de plats m\u00e9diterran\u00e9ens revisit\u00e9s. Nous s\u00e9lectionnons avec soin les produits en privil\u00e9giant les saisonni\u00e8res et en privil\u00e9giant les entreprises locales et nationales.<\/p>\n<p>Le riz de Tenuta Margherita, les anchois de Sciacca de Benedetto Scalia, le jambon fum\u00e9 de Saint Oyen du producteur Gran San Bernardo 2473 et la p\u00e2te du producteur Masciarelli sont quelques produits que vous trouverez dans nos assiettes.<\/p>\n<p>[\/et_pb_text][\/et_pb_column][et_pb_column type=\u00a0\u00bb1_2&Prime; _builder_version=\u00a0\u00bb4.19.2&Prime; _module_preset=\u00a0\u00bbdefault\u00a0\u00bb global_colors_info=\u00a0\u00bb{}\u00a0\u00bb][et_pb_image src=\u00a0\u00bbhttps:\/\/ristorantelaterrazza.com\/wp-content\/uploads\/2023\/01\/messata-verticale-all-right-reserved-aiace-bazzana.jpg\u00a0\u00bb title_text=\u00a0\u00bbmessata-verticale-all-right-reserved-aiace-bazzana\u00a0\u00bb module_class=\u00a0\u00bbcorner_border left top dark\u00a0\u00bb _builder_version=\u00a0\u00bb4.19.5&Prime; _module_preset=\u00a0\u00bbdefault\u00a0\u00bb scroll_vertical_motion_enable=\u00a0\u00bbon\u00a0\u00bb scroll_vertical_motion=\u00a0\u00bb0|50|50|100|1|0|0&Prime; global_colors_info=\u00a0\u00bb{}\u00a0\u00bb][\/et_pb_image][\/et_pb_column][\/et_pb_row][\/et_pb_section][et_pb_section fb_built=\u00a0\u00bb1&Prime; module_class=\u00a0\u00bbpg_about sez_3 overlines\u00a0\u00bb _builder_version=\u00a0\u00bb4.19.5&Prime; _module_preset=\u00a0\u00bbdefault\u00a0\u00bb background_color=\u00a0\u00bb#3A2C19&Prime; custom_margin=\u00a0\u00bb||||false|false\u00a0\u00bb custom_padding=\u00a0\u00bb80px||80px||true|false\u00a0\u00bb global_colors_info=\u00a0\u00bb{}\u00a0\u00bb][et_pb_row column_structure=\u00a0\u00bb1_2,1_2&Prime; _builder_version=\u00a0\u00bb4.19.5&Prime; _module_preset=\u00a0\u00bbdefault\u00a0\u00bb global_colors_info=\u00a0\u00bb{}\u00a0\u00bb][et_pb_column type=\u00a0\u00bb1_2&Prime; _builder_version=\u00a0\u00bb4.19.2&Prime; _module_preset=\u00a0\u00bbdefault\u00a0\u00bb global_colors_info=\u00a0\u00bb{}\u00a0\u00bb][et_pb_image src=\u00a0\u00bbhttps:\/\/ristorantelaterrazza.com\/wp-content\/uploads\/2023\/01\/vino-all-right-reserved-aiace-bazzana-25.jpg\u00a0\u00bb title_text=\u00a0\u00bbvino-all-right-reserved-aiace-bazzana-25&Prime; _builder_version=\u00a0\u00bb4.19.5&Prime; _module_preset=\u00a0\u00bbdefault\u00a0\u00bb custom_margin=\u00a0\u00bb||||false|false\u00a0\u00bb scroll_horizontal_motion_enable=\u00a0\u00bbon\u00a0\u00bb scroll_horizontal_motion=\u00a0\u00bb0|50|50|100|-2|0|0&Prime; global_colors_info=\u00a0\u00bb{}\u00a0\u00bb][\/et_pb_image][et_pb_text _builder_version=\u00a0\u00bb4.19.5&Prime; _module_preset=\u00a0\u00bbdefault\u00a0\u00bb text_text_color=\u00a0\u00bb#EFE6DC\u00a0\u00bb text_font_size=\u00a0\u00bb18px\u00a0\u00bb text_line_height=\u00a0\u00bb24px\u00a0\u00bb custom_margin=\u00a0\u00bb120px||||false|false\u00a0\u00bb custom_margin_tablet=\u00a0\u00bb80px||||false|false\u00a0\u00bb custom_margin_phone=\u00a0\u00bb60px||60px||true|false\u00a0\u00bb custom_margin_last_edited=\u00a0\u00bbon|phone\u00a0\u00bb global_colors_info=\u00a0\u00bb{}\u00a0\u00bb]<\/p>\n<p>Notre cave propose une s\u00e9lection de vins Valdotain et Italien. Nous s\u00e9lectionnons avec soin les entreprises avec lesquelles nous collaborons avec une attention particuli\u00e8re aux entreprises locales.<\/p>\n<p>Ottin, Anselmet et la cave d&rsquo;Arvier sont quelque unes des \u00e9tiquettes valdotaines que vous pourrez d\u00e9guster avec nos plats.<\/p>\n<p>Pour les amoureux de la bi\u00e8re artisanale, nous vous proposons les bieres \u00a0\u00bb Birrificio Courmayeur Monte Bianco dont Luca Caglianone est un des fondateurs.<\/p>\n<p>[\/et_pb_text][\/et_pb_column][et_pb_column type=\u00a0\u00bb1_2&Prime; _builder_version=\u00a0\u00bb4.19.2&Prime; _module_preset=\u00a0\u00bbdefault\u00a0\u00bb global_colors_info=\u00a0\u00bb{}\u00a0\u00bb][et_pb_image src=\u00a0\u00bbhttps:\/\/ristorantelaterrazza.com\/wp-content\/uploads\/2023\/01\/birra-courmayeur-monte-bianco.jpg\u00a0\u00bb title_text=\u00a0\u00bbbirra-courmayeur-monte-bianco\u00a0\u00bb module_class=\u00a0\u00bbcorner_border right bottom light\u00a0\u00bb _builder_version=\u00a0\u00bb4.19.5&Prime; _module_preset=\u00a0\u00bbdefault\u00a0\u00bb custom_margin=\u00a0\u00bb||||false|false\u00a0\u00bb scroll_horizontal_motion_enable=\u00a0\u00bbon\u00a0\u00bb scroll_horizontal_motion=\u00a0\u00bb0|50|50|100|2|0|0&Prime; global_colors_info=\u00a0\u00bb{}\u00a0\u00bb][\/et_pb_image][\/et_pb_column][\/et_pb_row][\/et_pb_section][et_pb_section fb_built=\u00a0\u00bb1&Prime; fullwidth=\u00a0\u00bbon\u00a0\u00bb module_class=\u00a0\u00bbbottom\u00a0\u00bb _builder_version=\u00a0\u00bb4.19.5&Prime; _module_preset=\u00a0\u00bbdefault\u00a0\u00bb background_color=\u00a0\u00bb#BFA37C\u00a0\u00bb background_image=\u00a0\u00bbhttps:\/\/ristorantelaterrazza.com\/wp-content\/uploads\/2023\/02\/wide-storica1.jpg\u00a0\u00bb parallax=\u00a0\u00bbon\u00a0\u00bb height=\u00a0\u00bb700px\u00a0\u00bb global_colors_info=\u00a0\u00bb{}\u00a0\u00bb][\/et_pb_section]<\/p>\n","protected":false},"excerpt":{"rendered":"<p>La Terrazza Courmayeur Situ\u00e9 dans le centre de Courmayeur, \u00e0 deux pas de la rue centrale rue Roma, depuis 40 ans nous offrons \u00e0 nos invit\u00e9s une cuisine locale et nationale, pr\u00e9par\u00e9e avec des produits soigneusement s\u00e9lectionn\u00e9es dans une ambiance \u00e9l\u00e9gante et confortable avec un accueil d\u00e9licieusement familial.Notre cuisine est compos\u00e9e de plats typiquement r\u00e9gionaux [&hellip;]<\/p>\n","protected":false},"author":2,"featured_media":0,"parent":0,"menu_order":0,"comment_status":"closed","ping_status":"closed","template":"","meta":{"_et_pb_use_builder":"on","_et_pb_old_content":"","_et_gb_content_width":"","footnotes":""},"class_list":["post-2211","page","type-page","status-publish","hentry"],"yoast_head":"<!-- This site is optimized with the Yoast SEO plugin v26.8 - https:\/\/yoast.com\/product\/yoast-seo-wordpress\/ -->\n<title>About Us - Ristorante Courmayeur - La Terrazza<\/title>\n<meta name=\"robots\" content=\"index, follow, max-snippet:-1, max-image-preview:large, max-video-preview:-1\" \/>\n<link rel=\"canonical\" href=\"https:\/\/ristorantelaterrazza.com\/fr\/about-us\/\" \/>\n<meta property=\"og:locale\" content=\"fr_FR\" \/>\n<meta property=\"og:type\" content=\"article\" \/>\n<meta property=\"og:title\" content=\"About Us - Ristorante Courmayeur - La Terrazza\" \/>\n<meta property=\"og:description\" content=\"La Terrazza Courmayeur Situ\u00e9 dans le centre de Courmayeur, \u00e0 deux pas de la rue centrale rue Roma, depuis 40 ans nous offrons \u00e0 nos invit\u00e9s une cuisine locale et nationale, pr\u00e9par\u00e9e avec des produits soigneusement s\u00e9lectionn\u00e9es dans une ambiance \u00e9l\u00e9gante et confortable avec un accueil d\u00e9licieusement familial.Notre cuisine est compos\u00e9e de plats typiquement r\u00e9gionaux [&hellip;]\" \/>\n<meta property=\"og:url\" content=\"https:\/\/ristorantelaterrazza.com\/fr\/about-us\/\" \/>\n<meta property=\"og:site_name\" content=\"Ristorante Courmayeur - La Terrazza\" \/>\n<meta property=\"article:publisher\" content=\"https:\/\/www.facebook.com\/profile.php?id=100057496508146\" \/>\n<meta property=\"article:modified_time\" content=\"2023-07-15T10:54:49+00:00\" \/>\n<meta property=\"og:image\" content=\"https:\/\/ristorantelaterrazza.com\/wp-content\/uploads\/2022\/12\/interni-all-right-reserved-aiace-bazzana-12.jpg\" \/>\n\t<meta property=\"og:image:width\" content=\"1980\" \/>\n\t<meta property=\"og:image:height\" content=\"1319\" \/>\n\t<meta property=\"og:image:type\" content=\"image\/jpeg\" \/>\n<meta name=\"twitter:card\" content=\"summary_large_image\" \/>\n<meta name=\"twitter:label1\" content=\"Dur\u00e9e de lecture estim\u00e9e\" \/>\n\t<meta name=\"twitter:data1\" content=\"4 minutes\" \/>\n<script type=\"application\/ld+json\" class=\"yoast-schema-graph\">{\"@context\":\"https:\/\/schema.org\",\"@graph\":[{\"@type\":\"WebPage\",\"@id\":\"https:\/\/ristorantelaterrazza.com\/fr\/about-us\/\",\"url\":\"https:\/\/ristorantelaterrazza.com\/fr\/about-us\/\",\"name\":\"About Us - Ristorante Courmayeur - La Terrazza\",\"isPartOf\":{\"@id\":\"https:\/\/ristorantelaterrazza.com\/fr\/#website\"},\"datePublished\":\"2022-12-13T23:06:23+00:00\",\"dateModified\":\"2023-07-15T10:54:49+00:00\",\"breadcrumb\":{\"@id\":\"https:\/\/ristorantelaterrazza.com\/fr\/about-us\/#breadcrumb\"},\"inLanguage\":\"fr-FR\",\"potentialAction\":[{\"@type\":\"ReadAction\",\"target\":[\"https:\/\/ristorantelaterrazza.com\/fr\/about-us\/\"]}]},{\"@type\":\"BreadcrumbList\",\"@id\":\"https:\/\/ristorantelaterrazza.com\/fr\/about-us\/#breadcrumb\",\"itemListElement\":[{\"@type\":\"ListItem\",\"position\":1,\"name\":\"Home\",\"item\":\"https:\/\/ristorantelaterrazza.com\/fr\/\"},{\"@type\":\"ListItem\",\"position\":2,\"name\":\"About Us\"}]},{\"@type\":\"WebSite\",\"@id\":\"https:\/\/ristorantelaterrazza.com\/fr\/#website\",\"url\":\"https:\/\/ristorantelaterrazza.com\/fr\/\",\"name\":\"Ristorante Courmayeur - La Terrazza\",\"description\":\"Da 40 anni il ristorante di riferimento per la buona cucina a Courmayeur\",\"publisher\":{\"@id\":\"https:\/\/ristorantelaterrazza.com\/fr\/#organization\"},\"potentialAction\":[{\"@type\":\"SearchAction\",\"target\":{\"@type\":\"EntryPoint\",\"urlTemplate\":\"https:\/\/ristorantelaterrazza.com\/fr\/?s={search_term_string}\"},\"query-input\":{\"@type\":\"PropertyValueSpecification\",\"valueRequired\":true,\"valueName\":\"search_term_string\"}}],\"inLanguage\":\"fr-FR\"},{\"@type\":\"Organization\",\"@id\":\"https:\/\/ristorantelaterrazza.com\/fr\/#organization\",\"name\":\"Ristorante Courmayeur - La Terrazza\",\"url\":\"https:\/\/ristorantelaterrazza.com\/fr\/\",\"logo\":{\"@type\":\"ImageObject\",\"inLanguage\":\"fr-FR\",\"@id\":\"https:\/\/ristorantelaterrazza.com\/fr\/#\/schema\/logo\/image\/\",\"url\":\"https:\/\/ristorantelaterrazza.com\/wp-content\/uploads\/2023\/03\/logo.png\",\"contentUrl\":\"https:\/\/ristorantelaterrazza.com\/wp-content\/uploads\/2023\/03\/logo.png\",\"width\":232,\"height\":168,\"caption\":\"Ristorante Courmayeur - La Terrazza\"},\"image\":{\"@id\":\"https:\/\/ristorantelaterrazza.com\/fr\/#\/schema\/logo\/image\/\"},\"sameAs\":[\"https:\/\/www.facebook.com\/profile.php?id=100057496508146\",\"https:\/\/www.instagram.com\/ristorantelaterrazzacourmayeur\/\"]}]}<\/script>\n<!-- \/ Yoast SEO plugin. -->","yoast_head_json":{"title":"About Us - Ristorante Courmayeur - La Terrazza","robots":{"index":"index","follow":"follow","max-snippet":"max-snippet:-1","max-image-preview":"max-image-preview:large","max-video-preview":"max-video-preview:-1"},"canonical":"https:\/\/ristorantelaterrazza.com\/fr\/about-us\/","og_locale":"fr_FR","og_type":"article","og_title":"About Us - Ristorante Courmayeur - La Terrazza","og_description":"La Terrazza Courmayeur Situ\u00e9 dans le centre de Courmayeur, \u00e0 deux pas de la rue centrale rue Roma, depuis 40 ans nous offrons \u00e0 nos invit\u00e9s une cuisine locale et nationale, pr\u00e9par\u00e9e avec des produits soigneusement s\u00e9lectionn\u00e9es dans une ambiance \u00e9l\u00e9gante et confortable avec un accueil d\u00e9licieusement familial.Notre cuisine est compos\u00e9e de plats typiquement r\u00e9gionaux [&hellip;]","og_url":"https:\/\/ristorantelaterrazza.com\/fr\/about-us\/","og_site_name":"Ristorante Courmayeur - La Terrazza","article_publisher":"https:\/\/www.facebook.com\/profile.php?id=100057496508146","article_modified_time":"2023-07-15T10:54:49+00:00","og_image":[{"width":1980,"height":1319,"url":"https:\/\/ristorantelaterrazza.com\/wp-content\/uploads\/2022\/12\/interni-all-right-reserved-aiace-bazzana-12.jpg","type":"image\/jpeg"}],"twitter_card":"summary_large_image","twitter_misc":{"Dur\u00e9e de lecture estim\u00e9e":"4 minutes"},"schema":{"@context":"https:\/\/schema.org","@graph":[{"@type":"WebPage","@id":"https:\/\/ristorantelaterrazza.com\/fr\/about-us\/","url":"https:\/\/ristorantelaterrazza.com\/fr\/about-us\/","name":"About Us - Ristorante Courmayeur - La Terrazza","isPartOf":{"@id":"https:\/\/ristorantelaterrazza.com\/fr\/#website"},"datePublished":"2022-12-13T23:06:23+00:00","dateModified":"2023-07-15T10:54:49+00:00","breadcrumb":{"@id":"https:\/\/ristorantelaterrazza.com\/fr\/about-us\/#breadcrumb"},"inLanguage":"fr-FR","potentialAction":[{"@type":"ReadAction","target":["https:\/\/ristorantelaterrazza.com\/fr\/about-us\/"]}]},{"@type":"BreadcrumbList","@id":"https:\/\/ristorantelaterrazza.com\/fr\/about-us\/#breadcrumb","itemListElement":[{"@type":"ListItem","position":1,"name":"Home","item":"https:\/\/ristorantelaterrazza.com\/fr\/"},{"@type":"ListItem","position":2,"name":"About Us"}]},{"@type":"WebSite","@id":"https:\/\/ristorantelaterrazza.com\/fr\/#website","url":"https:\/\/ristorantelaterrazza.com\/fr\/","name":"Ristorante Courmayeur - La Terrazza","description":"Da 40 anni il ristorante di riferimento per la buona cucina a Courmayeur","publisher":{"@id":"https:\/\/ristorantelaterrazza.com\/fr\/#organization"},"potentialAction":[{"@type":"SearchAction","target":{"@type":"EntryPoint","urlTemplate":"https:\/\/ristorantelaterrazza.com\/fr\/?s={search_term_string}"},"query-input":{"@type":"PropertyValueSpecification","valueRequired":true,"valueName":"search_term_string"}}],"inLanguage":"fr-FR"},{"@type":"Organization","@id":"https:\/\/ristorantelaterrazza.com\/fr\/#organization","name":"Ristorante Courmayeur - La Terrazza","url":"https:\/\/ristorantelaterrazza.com\/fr\/","logo":{"@type":"ImageObject","inLanguage":"fr-FR","@id":"https:\/\/ristorantelaterrazza.com\/fr\/#\/schema\/logo\/image\/","url":"https:\/\/ristorantelaterrazza.com\/wp-content\/uploads\/2023\/03\/logo.png","contentUrl":"https:\/\/ristorantelaterrazza.com\/wp-content\/uploads\/2023\/03\/logo.png","width":232,"height":168,"caption":"Ristorante Courmayeur - La Terrazza"},"image":{"@id":"https:\/\/ristorantelaterrazza.com\/fr\/#\/schema\/logo\/image\/"},"sameAs":["https:\/\/www.facebook.com\/profile.php?id=100057496508146","https:\/\/www.instagram.com\/ristorantelaterrazzacourmayeur\/"]}]}},"_links":{"self":[{"href":"https:\/\/ristorantelaterrazza.com\/fr\/wp-json\/wp\/v2\/pages\/2211","targetHints":{"allow":["GET"]}}],"collection":[{"href":"https:\/\/ristorantelaterrazza.com\/fr\/wp-json\/wp\/v2\/pages"}],"about":[{"href":"https:\/\/ristorantelaterrazza.com\/fr\/wp-json\/wp\/v2\/types\/page"}],"author":[{"embeddable":true,"href":"https:\/\/ristorantelaterrazza.com\/fr\/wp-json\/wp\/v2\/users\/2"}],"replies":[{"embeddable":true,"href":"https:\/\/ristorantelaterrazza.com\/fr\/wp-json\/wp\/v2\/comments?post=2211"}],"version-history":[{"count":3,"href":"https:\/\/ristorantelaterrazza.com\/fr\/wp-json\/wp\/v2\/pages\/2211\/revisions"}],"predecessor-version":[{"id":2496,"href":"https:\/\/ristorantelaterrazza.com\/fr\/wp-json\/wp\/v2\/pages\/2211\/revisions\/2496"}],"wp:attachment":[{"href":"https:\/\/ristorantelaterrazza.com\/fr\/wp-json\/wp\/v2\/media?parent=2211"}],"curies":[{"name":"wp","href":"https:\/\/api.w.org\/{rel}","templated":true}]}}