{"id":2230,"date":"2023-01-31T19:42:58","date_gmt":"2023-01-31T19:42:58","guid":{"rendered":"https:\/\/ristorantelaterrazza.com\/special\/"},"modified":"2023-03-21T20:09:04","modified_gmt":"2023-03-21T20:09:04","slug":"special","status":"publish","type":"page","link":"https:\/\/ristorantelaterrazza.com\/fr\/special\/","title":{"rendered":"Special"},"content":{"rendered":"<p>[et_pb_section fb_built=\u00a0\u00bb1&Prime; fullwidth=\u00a0\u00bbon\u00a0\u00bb module_id=\u00a0\u00bbhead_pag\u00a0\u00bb module_class=\u00a0\u00bboverlines\u00a0\u00bb _builder_version=\u00a0\u00bb4.19.5&Prime; _module_preset=\u00a0\u00bbdefault\u00a0\u00bb global_colors_info=\u00a0\u00bb{}\u00a0\u00bb][et_pb_fullwidth_header title=\u00a0\u00bb@ET-DC@eyJkeW5hbWljIjp0cnVlLCJjb250ZW50IjoicG9zdF90aXRsZSIsInNldHRpbmdzIjp7ImJlZm9yZSI6IiIsImFmdGVyIjoiIn19@\u00a0\u00bb background_overlay_color=\u00a0\u00bbrgba(0,0,0,0.2)\u00a0\u00bb module_class=\u00a0\u00bbcenter\u00a0\u00bb _builder_version=\u00a0\u00bb4.19.5&Prime; _dynamic_attributes=\u00a0\u00bbtitle\u00a0\u00bb _module_preset=\u00a0\u00bbdefault\u00a0\u00bb title_level=\u00a0\u00bbh2&Prime; title_font_size=\u00a0\u00bb140px\u00a0\u00bb background_color=\u00a0\u00bb#715B3E\u00a0\u00bb background_image=\u00a0\u00bbhttps:\/\/ristorantelaterrazza.com\/wp-content\/uploads\/2023\/03\/wide-fondue.jpg\u00a0\u00bb parallax=\u00a0\u00bbon\u00a0\u00bb height=\u00a0\u00bb50vh\u00a0\u00bb hover_enabled=\u00a0\u00bb0&Prime; global_colors_info=\u00a0\u00bb{}\u00a0\u00bb title_text=\u00a0\u00bbwide-fondue\u00a0\u00bb sticky_enabled=\u00a0\u00bb0&Prime;][\/et_pb_fullwidth_header][\/et_pb_section][et_pb_section fb_built=\u00a0\u00bb1&Prime; module_class=\u00a0\u00bbmenu cream_bg\u00a0\u00bb _builder_version=\u00a0\u00bb4.19.5&Prime; _module_preset=\u00a0\u00bbdefault\u00a0\u00bb background_color=\u00a0\u00bb#EFE6DC\u00a0\u00bb custom_padding=\u00a0\u00bb||100px|||\u00a0\u00bb global_colors_info=\u00a0\u00bb{}\u00a0\u00bb][et_pb_row _builder_version=\u00a0\u00bb4.19.5&Prime; _module_preset=\u00a0\u00bbdefault\u00a0\u00bb global_colors_info=\u00a0\u00bb{}\u00a0\u00bb][et_pb_column type=\u00a0\u00bb4_4&Prime; _builder_version=\u00a0\u00bb4.19.5&Prime; _module_preset=\u00a0\u00bbdefault\u00a0\u00bb global_colors_info=\u00a0\u00bb{}\u00a0\u00bb][et_pb_text module_class=\u00a0\u00bbtit_sez\u00a0\u00bb _builder_version=\u00a0\u00bb4.19.5&Prime; _module_preset=\u00a0\u00bbdefault\u00a0\u00bb header_3_font=\u00a0\u00bb||||||||\u00a0\u00bb header_3_text_align=\u00a0\u00bbcenter\u00a0\u00bb header_3_text_color=\u00a0\u00bb#140B08&Prime; header_3_font_size=\u00a0\u00bb70px\u00a0\u00bb global_colors_info=\u00a0\u00bb{}\u00a0\u00bb]<\/p>\n<h3>Fondue Bourguignonne<\/h3>\n<p>[\/et_pb_text][\/et_pb_column][\/et_pb_row][et_pb_row _builder_version=\u00a0\u00bb4.19.2&Prime; _module_preset=\u00a0\u00bbdefault\u00a0\u00bb custom_padding=\u00a0\u00bb0px||0px||true|false\u00a0\u00bb saved_tabs=\u00a0\u00bball\u00a0\u00bb global_colors_info=\u00a0\u00bb{}\u00a0\u00bb][et_pb_column type=\u00a0\u00bb4_4&Prime; _builder_version=\u00a0\u00bb4.19.2&Prime; _module_preset=\u00a0\u00bbdefault\u00a0\u00bb global_colors_info=\u00a0\u00bb{}\u00a0\u00bb][et_pb_code _builder_version=\u00a0\u00bb4.19.5&Prime; _module_preset=\u00a0\u00bbdefault\u00a0\u00bb global_colors_info=\u00a0\u00bb{}\u00a0\u00bb]<\/p>\n<div class=\"tit_sep\"><!-- [et_pb_line_break_holder] -->  <span><\/span><!-- [et_pb_line_break_holder] -->  <span><\/span><!-- [et_pb_line_break_holder] -->  <span class=\"center\"><\/span><!-- [et_pb_line_break_holder] -->  <span><\/span><!-- [et_pb_line_break_holder] -->  <span><\/span><!-- [et_pb_line_break_holder] --><\/div>\n<p>[\/et_pb_code][\/et_pb_column][\/et_pb_row][et_pb_row _builder_version=\u00a0\u00bb4.19.5&Prime; _module_preset=\u00a0\u00bbdefault\u00a0\u00bb global_colors_info=\u00a0\u00bb{}\u00a0\u00bb][et_pb_column type=\u00a0\u00bb4_4&Prime; _builder_version=\u00a0\u00bb4.19.5&Prime; _module_preset=\u00a0\u00bbdefault\u00a0\u00bb global_colors_info=\u00a0\u00bb{}\u00a0\u00bb][et_pb_text _builder_version=\u00a0\u00bb4.19.5&Prime; _module_preset=\u00a0\u00bbdefault\u00a0\u00bb text_text_color=\u00a0\u00bb#3A2C19&Prime; text_font_size=\u00a0\u00bb28px\u00a0\u00bb text_line_height=\u00a0\u00bb34px\u00a0\u00bb text_orientation=\u00a0\u00bbcenter\u00a0\u00bb global_colors_info=\u00a0\u00bb{}\u00a0\u00bb]<\/p>\n<p>Boeuf avec n\u00f4tres sauces et pommes de terres<\/p>\n<p><em>Pour terminer&#8230;<br \/><\/em><\/p>\n<p>Glace avec miel, noix et chocolat chaud<\/p>\n<p>[\/et_pb_text][et_pb_text _builder_version=\u00a0\u00bb4.19.5&Prime; _module_preset=\u00a0\u00bbdefault\u00a0\u00bb text_text_color=\u00a0\u00bb#715B3E\u00a0\u00bb text_font_size=\u00a0\u00bb18px\u00a0\u00bb header_5_text_color=\u00a0\u00bb#715B3E\u00a0\u00bb header_5_font_size=\u00a0\u00bb60px\u00a0\u00bb text_orientation=\u00a0\u00bbcenter\u00a0\u00bb custom_margin=\u00a0\u00bb50px||||false|false\u00a0\u00bb header_5_font_size_tablet=\u00a0\u00bb60px\u00a0\u00bb header_5_font_size_phone=\u00a0\u00bb45px\u00a0\u00bb header_5_font_size_last_edited=\u00a0\u00bbon|phone\u00a0\u00bb global_colors_info=\u00a0\u00bb{}\u00a0\u00bb]<\/p>\n<h5>40,00\u20ac<\/h5>\n<p>\u00e0 personne (min 2 personnes)<\/p>\n<p>[\/et_pb_text][\/et_pb_column][\/et_pb_row][\/et_pb_section][et_pb_section fb_built=\u00a0\u00bb1&Prime; module_class=\u00a0\u00bbmenu dark_bg\u00a0\u00bb _builder_version=\u00a0\u00bb4.19.5&Prime; _module_preset=\u00a0\u00bbdefault\u00a0\u00bb background_color=\u00a0\u00bb#140B08&Prime; custom_padding=\u00a0\u00bb||100px|||\u00a0\u00bb global_colors_info=\u00a0\u00bb{}\u00a0\u00bb][et_pb_row _builder_version=\u00a0\u00bb4.19.5&Prime; _module_preset=\u00a0\u00bbdefault\u00a0\u00bb global_colors_info=\u00a0\u00bb{}\u00a0\u00bb][et_pb_column type=\u00a0\u00bb4_4&Prime; _builder_version=\u00a0\u00bb4.19.5&Prime; _module_preset=\u00a0\u00bbdefault\u00a0\u00bb global_colors_info=\u00a0\u00bb{}\u00a0\u00bb][et_pb_text module_class=\u00a0\u00bbtit_sez\u00a0\u00bb _builder_version=\u00a0\u00bb4.19.5&Prime; _module_preset=\u00a0\u00bbdefault\u00a0\u00bb header_3_font=\u00a0\u00bb||||||||\u00a0\u00bb header_3_text_align=\u00a0\u00bbcenter\u00a0\u00bb header_3_text_color=\u00a0\u00bb#FFFFFF\u00a0\u00bb header_3_font_size=\u00a0\u00bb70px\u00a0\u00bb global_colors_info=\u00a0\u00bb{}\u00a0\u00bb]<\/p>\n<h3>Fondue Raclette<\/h3>\n<p>[\/et_pb_text][\/et_pb_column][\/et_pb_row][et_pb_row _builder_version=\u00a0\u00bb4.19.2&Prime; _module_preset=\u00a0\u00bbdefault\u00a0\u00bb custom_padding=\u00a0\u00bb0px||0px||true|false\u00a0\u00bb saved_tabs=\u00a0\u00bball\u00a0\u00bb global_colors_info=\u00a0\u00bb{}\u00a0\u00bb][et_pb_column type=\u00a0\u00bb4_4&Prime; _builder_version=\u00a0\u00bb4.19.2&Prime; _module_preset=\u00a0\u00bbdefault\u00a0\u00bb global_colors_info=\u00a0\u00bb{}\u00a0\u00bb][et_pb_code _builder_version=\u00a0\u00bb4.19.5&Prime; _module_preset=\u00a0\u00bbdefault\u00a0\u00bb global_colors_info=\u00a0\u00bb{}\u00a0\u00bb]<\/p>\n<div class=\"tit_sep\"><!-- [et_pb_line_break_holder] -->  <span><\/span><!-- [et_pb_line_break_holder] -->  <span><\/span><!-- [et_pb_line_break_holder] -->  <span class=\"center\"><\/span><!-- [et_pb_line_break_holder] -->  <span><\/span><!-- [et_pb_line_break_holder] -->  <span><\/span><!-- [et_pb_line_break_holder] --><\/div>\n<p>[\/et_pb_code][\/et_pb_column][\/et_pb_row][et_pb_row _builder_version=\u00a0\u00bb4.19.5&Prime; _module_preset=\u00a0\u00bbdefault\u00a0\u00bb global_colors_info=\u00a0\u00bb{}\u00a0\u00bb][et_pb_column type=\u00a0\u00bb4_4&Prime; _builder_version=\u00a0\u00bb4.19.5&Prime; _module_preset=\u00a0\u00bbdefault\u00a0\u00bb global_colors_info=\u00a0\u00bb{}\u00a0\u00bb][et_pb_text _builder_version=\u00a0\u00bb4.19.5&Prime; _module_preset=\u00a0\u00bbdefault\u00a0\u00bb text_text_color=\u00a0\u00bb#FFFFFF\u00a0\u00bb text_font_size=\u00a0\u00bb28px\u00a0\u00bb text_line_height=\u00a0\u00bb34px\u00a0\u00bb text_orientation=\u00a0\u00bbcenter\u00a0\u00bb global_colors_info=\u00a0\u00bb{}\u00a0\u00bb]<\/p>\n<p>Fromage de ch\u00e8vre, viande s\u00e9ch\u00e9e(viande de boeuf s\u00e9ch\u00e9es aux \u00e9pices et sel) et pommes de terre dans et potager.<\/p>\n<p>[\/et_pb_text][et_pb_text _builder_version=\u00a0\u00bb4.19.5&Prime; _module_preset=\u00a0\u00bbdefault\u00a0\u00bb text_text_color=\u00a0\u00bb#BFA37C\u00a0\u00bb text_font_size=\u00a0\u00bb18px\u00a0\u00bb header_5_text_color=\u00a0\u00bb#BFA37C\u00a0\u00bb header_5_font_size=\u00a0\u00bb60px\u00a0\u00bb text_orientation=\u00a0\u00bbcenter\u00a0\u00bb custom_margin=\u00a0\u00bb50px||||false|false\u00a0\u00bb header_5_font_size_tablet=\u00a0\u00bb60px\u00a0\u00bb header_5_font_size_phone=\u00a0\u00bb45px\u00a0\u00bb header_5_font_size_last_edited=\u00a0\u00bbon|phone\u00a0\u00bb global_colors_info=\u00a0\u00bb{}\u00a0\u00bb]<\/p>\n<h5>30,00\u20ac<\/h5>\n<p>\u00e0 personne (min 2 personnes)<\/p>\n<p>[\/et_pb_text][\/et_pb_column][\/et_pb_row][\/et_pb_section][et_pb_section fb_built=\u00a0\u00bb1&Prime; fullwidth=\u00a0\u00bbon\u00a0\u00bb module_class=\u00a0\u00bbcenter\u00a0\u00bb _builder_version=\u00a0\u00bb4.19.5&Prime; _module_preset=\u00a0\u00bbdefault\u00a0\u00bb background_color=\u00a0\u00bb#BFA37C\u00a0\u00bb background_image=\u00a0\u00bbhttps:\/\/ristorantelaterrazza.com\/wp-content\/uploads\/2023\/03\/wide-castagne.jpg\u00a0\u00bb parallax=\u00a0\u00bbon\u00a0\u00bb height=\u00a0\u00bb700px\u00a0\u00bb hover_enabled=\u00a0\u00bb0&Prime; global_colors_info=\u00a0\u00bb{}\u00a0\u00bb title_text=\u00a0\u00bbwide-castagne\u00a0\u00bb sticky_enabled=\u00a0\u00bb0&Prime;][\/et_pb_section]<\/p>\n","protected":false},"excerpt":{"rendered":"<p>Fondue BourguignonneBoeuf avec n\u00f4tres sauces et pommes de terres Pour terminer&#8230; Glace avec miel, noix et chocolat chaud40,00\u20ac \u00e0 personne (min 2 personnes)Fondue RacletteFromage de ch\u00e8vre, viande s\u00e9ch\u00e9e(viande de boeuf s\u00e9ch\u00e9es aux \u00e9pices et sel) et pommes de terre dans et potager.30,00\u20ac \u00e0 personne (min 2 personnes)<\/p>\n","protected":false},"author":2,"featured_media":0,"parent":0,"menu_order":0,"comment_status":"closed","ping_status":"closed","template":"","meta":{"_et_pb_use_builder":"on","_et_pb_old_content":"","_et_gb_content_width":"","footnotes":""},"class_list":["post-2230","page","type-page","status-publish","hentry"],"yoast_head":"<!-- This site is optimized with the Yoast SEO plugin v26.8 - https:\/\/yoast.com\/product\/yoast-seo-wordpress\/ -->\n<title>Special - Ristorante Courmayeur - La Terrazza<\/title>\n<meta name=\"robots\" content=\"index, follow, max-snippet:-1, max-image-preview:large, max-video-preview:-1\" \/>\n<link rel=\"canonical\" href=\"https:\/\/ristorantelaterrazza.com\/fr\/special\/\" \/>\n<meta property=\"og:locale\" content=\"fr_FR\" \/>\n<meta property=\"og:type\" content=\"article\" \/>\n<meta property=\"og:title\" content=\"Special - Ristorante Courmayeur - La Terrazza\" \/>\n<meta property=\"og:description\" content=\"Fondue BourguignonneBoeuf avec n\u00f4tres sauces et pommes de terres Pour terminer... Glace avec miel, noix et chocolat chaud40,00\u20ac \u00e0 personne (min 2 personnes)Fondue RacletteFromage de ch\u00e8vre, viande s\u00e9ch\u00e9e(viande de boeuf s\u00e9ch\u00e9es aux \u00e9pices et sel) et pommes de terre dans et potager.30,00\u20ac \u00e0 personne (min 2 personnes)\" \/>\n<meta property=\"og:url\" content=\"https:\/\/ristorantelaterrazza.com\/fr\/special\/\" \/>\n<meta property=\"og:site_name\" content=\"Ristorante Courmayeur - La Terrazza\" \/>\n<meta property=\"article:publisher\" content=\"https:\/\/www.facebook.com\/profile.php?id=100057496508146\" \/>\n<meta property=\"article:modified_time\" content=\"2023-03-21T20:09:04+00:00\" \/>\n<meta property=\"og:image\" content=\"https:\/\/ristorantelaterrazza.com\/wp-content\/uploads\/2022\/12\/interni-all-right-reserved-aiace-bazzana-12.jpg\" \/>\n\t<meta property=\"og:image:width\" content=\"1980\" \/>\n\t<meta property=\"og:image:height\" content=\"1319\" \/>\n\t<meta property=\"og:image:type\" content=\"image\/jpeg\" \/>\n<meta name=\"twitter:card\" content=\"summary_large_image\" \/>\n<meta name=\"twitter:label1\" content=\"Dur\u00e9e de lecture estim\u00e9e\" \/>\n\t<meta name=\"twitter:data1\" content=\"4 minutes\" \/>\n<script type=\"application\/ld+json\" class=\"yoast-schema-graph\">{\"@context\":\"https:\/\/schema.org\",\"@graph\":[{\"@type\":\"WebPage\",\"@id\":\"https:\/\/ristorantelaterrazza.com\/fr\/special\/\",\"url\":\"https:\/\/ristorantelaterrazza.com\/fr\/special\/\",\"name\":\"Special - Ristorante Courmayeur - La Terrazza\",\"isPartOf\":{\"@id\":\"https:\/\/ristorantelaterrazza.com\/fr\/#website\"},\"datePublished\":\"2023-01-31T19:42:58+00:00\",\"dateModified\":\"2023-03-21T20:09:04+00:00\",\"breadcrumb\":{\"@id\":\"https:\/\/ristorantelaterrazza.com\/fr\/special\/#breadcrumb\"},\"inLanguage\":\"fr-FR\",\"potentialAction\":[{\"@type\":\"ReadAction\",\"target\":[\"https:\/\/ristorantelaterrazza.com\/fr\/special\/\"]}]},{\"@type\":\"BreadcrumbList\",\"@id\":\"https:\/\/ristorantelaterrazza.com\/fr\/special\/#breadcrumb\",\"itemListElement\":[{\"@type\":\"ListItem\",\"position\":1,\"name\":\"Home\",\"item\":\"https:\/\/ristorantelaterrazza.com\/fr\/\"},{\"@type\":\"ListItem\",\"position\":2,\"name\":\"Special\"}]},{\"@type\":\"WebSite\",\"@id\":\"https:\/\/ristorantelaterrazza.com\/fr\/#website\",\"url\":\"https:\/\/ristorantelaterrazza.com\/fr\/\",\"name\":\"Ristorante Courmayeur - La Terrazza\",\"description\":\"Da 40 anni il ristorante di riferimento per la buona cucina a Courmayeur\",\"publisher\":{\"@id\":\"https:\/\/ristorantelaterrazza.com\/fr\/#organization\"},\"potentialAction\":[{\"@type\":\"SearchAction\",\"target\":{\"@type\":\"EntryPoint\",\"urlTemplate\":\"https:\/\/ristorantelaterrazza.com\/fr\/?s={search_term_string}\"},\"query-input\":{\"@type\":\"PropertyValueSpecification\",\"valueRequired\":true,\"valueName\":\"search_term_string\"}}],\"inLanguage\":\"fr-FR\"},{\"@type\":\"Organization\",\"@id\":\"https:\/\/ristorantelaterrazza.com\/fr\/#organization\",\"name\":\"Ristorante Courmayeur - La Terrazza\",\"url\":\"https:\/\/ristorantelaterrazza.com\/fr\/\",\"logo\":{\"@type\":\"ImageObject\",\"inLanguage\":\"fr-FR\",\"@id\":\"https:\/\/ristorantelaterrazza.com\/fr\/#\/schema\/logo\/image\/\",\"url\":\"https:\/\/ristorantelaterrazza.com\/wp-content\/uploads\/2023\/03\/logo.png\",\"contentUrl\":\"https:\/\/ristorantelaterrazza.com\/wp-content\/uploads\/2023\/03\/logo.png\",\"width\":232,\"height\":168,\"caption\":\"Ristorante Courmayeur - La Terrazza\"},\"image\":{\"@id\":\"https:\/\/ristorantelaterrazza.com\/fr\/#\/schema\/logo\/image\/\"},\"sameAs\":[\"https:\/\/www.facebook.com\/profile.php?id=100057496508146\",\"https:\/\/www.instagram.com\/ristorantelaterrazzacourmayeur\/\"]}]}<\/script>\n<!-- \/ Yoast SEO plugin. -->","yoast_head_json":{"title":"Special - Ristorante Courmayeur - La Terrazza","robots":{"index":"index","follow":"follow","max-snippet":"max-snippet:-1","max-image-preview":"max-image-preview:large","max-video-preview":"max-video-preview:-1"},"canonical":"https:\/\/ristorantelaterrazza.com\/fr\/special\/","og_locale":"fr_FR","og_type":"article","og_title":"Special - Ristorante Courmayeur - La Terrazza","og_description":"Fondue BourguignonneBoeuf avec n\u00f4tres sauces et pommes de terres Pour terminer... Glace avec miel, noix et chocolat chaud40,00\u20ac \u00e0 personne (min 2 personnes)Fondue RacletteFromage de ch\u00e8vre, viande s\u00e9ch\u00e9e(viande de boeuf s\u00e9ch\u00e9es aux \u00e9pices et sel) et pommes de terre dans et potager.30,00\u20ac \u00e0 personne (min 2 personnes)","og_url":"https:\/\/ristorantelaterrazza.com\/fr\/special\/","og_site_name":"Ristorante Courmayeur - La Terrazza","article_publisher":"https:\/\/www.facebook.com\/profile.php?id=100057496508146","article_modified_time":"2023-03-21T20:09:04+00:00","og_image":[{"width":1980,"height":1319,"url":"https:\/\/ristorantelaterrazza.com\/wp-content\/uploads\/2022\/12\/interni-all-right-reserved-aiace-bazzana-12.jpg","type":"image\/jpeg"}],"twitter_card":"summary_large_image","twitter_misc":{"Dur\u00e9e de lecture estim\u00e9e":"4 minutes"},"schema":{"@context":"https:\/\/schema.org","@graph":[{"@type":"WebPage","@id":"https:\/\/ristorantelaterrazza.com\/fr\/special\/","url":"https:\/\/ristorantelaterrazza.com\/fr\/special\/","name":"Special - Ristorante Courmayeur - La Terrazza","isPartOf":{"@id":"https:\/\/ristorantelaterrazza.com\/fr\/#website"},"datePublished":"2023-01-31T19:42:58+00:00","dateModified":"2023-03-21T20:09:04+00:00","breadcrumb":{"@id":"https:\/\/ristorantelaterrazza.com\/fr\/special\/#breadcrumb"},"inLanguage":"fr-FR","potentialAction":[{"@type":"ReadAction","target":["https:\/\/ristorantelaterrazza.com\/fr\/special\/"]}]},{"@type":"BreadcrumbList","@id":"https:\/\/ristorantelaterrazza.com\/fr\/special\/#breadcrumb","itemListElement":[{"@type":"ListItem","position":1,"name":"Home","item":"https:\/\/ristorantelaterrazza.com\/fr\/"},{"@type":"ListItem","position":2,"name":"Special"}]},{"@type":"WebSite","@id":"https:\/\/ristorantelaterrazza.com\/fr\/#website","url":"https:\/\/ristorantelaterrazza.com\/fr\/","name":"Ristorante Courmayeur - La Terrazza","description":"Da 40 anni il ristorante di riferimento per la buona cucina a Courmayeur","publisher":{"@id":"https:\/\/ristorantelaterrazza.com\/fr\/#organization"},"potentialAction":[{"@type":"SearchAction","target":{"@type":"EntryPoint","urlTemplate":"https:\/\/ristorantelaterrazza.com\/fr\/?s={search_term_string}"},"query-input":{"@type":"PropertyValueSpecification","valueRequired":true,"valueName":"search_term_string"}}],"inLanguage":"fr-FR"},{"@type":"Organization","@id":"https:\/\/ristorantelaterrazza.com\/fr\/#organization","name":"Ristorante Courmayeur - La Terrazza","url":"https:\/\/ristorantelaterrazza.com\/fr\/","logo":{"@type":"ImageObject","inLanguage":"fr-FR","@id":"https:\/\/ristorantelaterrazza.com\/fr\/#\/schema\/logo\/image\/","url":"https:\/\/ristorantelaterrazza.com\/wp-content\/uploads\/2023\/03\/logo.png","contentUrl":"https:\/\/ristorantelaterrazza.com\/wp-content\/uploads\/2023\/03\/logo.png","width":232,"height":168,"caption":"Ristorante Courmayeur - La Terrazza"},"image":{"@id":"https:\/\/ristorantelaterrazza.com\/fr\/#\/schema\/logo\/image\/"},"sameAs":["https:\/\/www.facebook.com\/profile.php?id=100057496508146","https:\/\/www.instagram.com\/ristorantelaterrazzacourmayeur\/"]}]}},"_links":{"self":[{"href":"https:\/\/ristorantelaterrazza.com\/fr\/wp-json\/wp\/v2\/pages\/2230","targetHints":{"allow":["GET"]}}],"collection":[{"href":"https:\/\/ristorantelaterrazza.com\/fr\/wp-json\/wp\/v2\/pages"}],"about":[{"href":"https:\/\/ristorantelaterrazza.com\/fr\/wp-json\/wp\/v2\/types\/page"}],"author":[{"embeddable":true,"href":"https:\/\/ristorantelaterrazza.com\/fr\/wp-json\/wp\/v2\/users\/2"}],"replies":[{"embeddable":true,"href":"https:\/\/ristorantelaterrazza.com\/fr\/wp-json\/wp\/v2\/comments?post=2230"}],"version-history":[{"count":2,"href":"https:\/\/ristorantelaterrazza.com\/fr\/wp-json\/wp\/v2\/pages\/2230\/revisions"}],"predecessor-version":[{"id":2232,"href":"https:\/\/ristorantelaterrazza.com\/fr\/wp-json\/wp\/v2\/pages\/2230\/revisions\/2232"}],"wp:attachment":[{"href":"https:\/\/ristorantelaterrazza.com\/fr\/wp-json\/wp\/v2\/media?parent=2230"}],"curies":[{"name":"wp","href":"https:\/\/api.w.org\/{rel}","templated":true}]}}